{"id":3980,"date":"2013-10-30T09:57:24","date_gmt":"2013-10-30T12:57:24","guid":{"rendered":"http:\/\/www.somatick.com.br\/?page_id=3980"},"modified":"2026-03-31T10:15:23","modified_gmt":"2026-03-31T13:15:23","slug":"responsabilidade-social","status":"publish","type":"page","link":"https:\/\/www.somatick.com.br\/site\/corporation\/responsabilidade-social\/","title":{"rendered":"A\u00e7\u00e3o Social"},"content":{"rendered":"\t\t<div data-elementor-type=\"wp-page\" data-elementor-id=\"3980\" class=\"elementor elementor-3980\">\n\t\t\t\t\t\t<section class=\"elementor-section elementor-top-section elementor-element elementor-element-2eab29d0 elementor-section-boxed elementor-section-height-default elementor-section-height-default elementor-invisible\" data-id=\"2eab29d0\" data-element_type=\"section\" data-e-type=\"section\" data-settings=\"{&quot;animation&quot;:&quot;slideInLeft&quot;,&quot;background_background&quot;:&quot;classic&quot;}\">\n\t\t\t\t\t\t<div class=\"elementor-container elementor-column-gap-default\">\n\t\t\t\t\t<div class=\"elementor-column elementor-col-100 elementor-top-column elementor-element elementor-element-6cc66bf0\" data-id=\"6cc66bf0\" data-element_type=\"column\" data-e-type=\"column\">\n\t\t\t<div class=\"elementor-widget-wrap elementor-element-populated\">\n\t\t\t\t\t\t<div class=\"elementor-element elementor-element-5e4fbe6a elementor-widget elementor-widget-text-editor\" data-id=\"5e4fbe6a\" data-element_type=\"widget\" data-e-type=\"widget\" data-widget_type=\"text-editor.default\">\n\t\t\t\t<div class=\"elementor-widget-container\">\n\t\t\t\t\t\t\t\t\t<address><h2 id=\"ao-social-somatick-treinamentos\" class=\"font-editorial font-bold mb-2 mt-4 [.has-inline-images_&amp;]:clear-end text-lg first:mt-0 md:text-lg [hr+&amp;]:mt-4\">A\u00e7\u00e3o Social Somatick Treinamentos<\/h2><p class=\"my-2 [&amp;+p]:mt-4 [&amp;_strong:has(+br)]:inline-block [&amp;_strong:has(+br)]:pb-2\">A Somatick Treinamentos pratica a governan\u00e7a sustent\u00e1vel pelo\u00a0<strong>Triple Bottom Line (TBL)<\/strong>, equilibrando impactos\u00a0<strong>sociais<\/strong>,\u00a0<strong>ambientais<\/strong>\u00a0e\u00a0<strong>econ\u00f4micos<\/strong>. Contribu\u00edmos ativamente para o desenvolvimento de Maca\u00e9-RJ atrav\u00e9s da gera\u00e7\u00e3o de empregos diretos e indiretos, arrecada\u00e7\u00e3o de tributos e investimentos no com\u00e9rcio local com equipamentos e servi\u00e7os especializados.<\/p><h2 id=\"capacitao-profissional-gratuita\" class=\"font-editorial font-bold mb-2 mt-4 [.has-inline-images_&amp;]:clear-end text-base first:mt-0\">Capacita\u00e7\u00e3o Profissional Gratuita<\/h2><p class=\"my-2 [&amp;+p]:mt-4 [&amp;_strong:has(+br)]:inline-block [&amp;_strong:has(+br)]:pb-2\">O\u00a0<strong>Programa Somatick Capacita<\/strong>\u00a0ofertou\u00a0<strong>duas vagas semanais gratuitas<\/strong>\u00a0em cursos NR essenciais, democratizando o acesso \u00e0 qualifica\u00e7\u00e3o profissional exigida pelo mercado \u00f3leo e g\u00e1s.<\/p><p class=\"my-2 [&amp;+p]:mt-4 [&amp;_strong:has(+br)]:inline-block [&amp;_strong:has(+br)]:pb-2\"><strong>Resultados 2006-2014:<\/strong><\/p><ul class=\"marker:text-quiet list-disc\"><li class=\"py-0 my-0 prose-p:pt-0 prose-p:mb-2 prose-p:my-0 [&amp;&gt;p]:pt-0 [&amp;&gt;p]:mb-2 [&amp;&gt;p]:my-0\"><p class=\"my-2 [&amp;+p]:mt-4 [&amp;_strong:has(+br)]:inline-block [&amp;_strong:has(+br)]:pb-2\"><strong>288 treinamentos<\/strong>\u00a0sorteados via\u00a0<strong>R\u00e1dio 95 FM<\/strong><\/p><\/li><li class=\"py-0 my-0 prose-p:pt-0 prose-p:mb-2 prose-p:my-0 [&amp;&gt;p]:pt-0 [&amp;&gt;p]:mb-2 [&amp;&gt;p]:my-0\"><p class=\"my-2 [&amp;+p]:mt-4 [&amp;_strong:has(+br)]:inline-block [&amp;_strong:has(+br)]:pb-2\">Sorteios \u00e0s sextas-feiras, 9h, no programa\u00a0<em>Bom Dia Alegria<\/em><\/p><\/li><li class=\"py-0 my-0 prose-p:pt-0 prose-p:mb-2 prose-p:my-0 [&amp;&gt;p]:pt-0 [&amp;&gt;p]:mb-2 [&amp;&gt;p]:my-0\"><p class=\"my-2 [&amp;+p]:mt-4 [&amp;_strong:has(+br)]:inline-block [&amp;_strong:has(+br)]:pb-2\">Parceria estrat\u00e9gica com ve\u00edculo de comunica\u00e7\u00e3o regional<\/p><\/li><\/ul><p class=\"my-2 [&amp;+p]:mt-4 [&amp;_strong:has(+br)]:inline-block [&amp;_strong:has(+br)]:pb-2\"><em>Programa suspenso desde novembro de 2014. Novos formatos previstos para 2026 via redes sociais.<\/em><\/p><p class=\"my-2 [&amp;+p]:mt-4 [&amp;_strong:has(+br)]:inline-block [&amp;_strong:has(+br)]:pb-2\"><strong><a class=\"reset interactable cursor-pointer decoration-1 underline-offset-1 text-super hover:underline font-semibold\" href=\"http:\/\/www.somatick.com.br\/site\/corporation\/sustentabilidade\/\" target=\"_blank\" rel=\"nofollow noopener\"><span class=\"text-box-trim-both\">Saiba mais sobre TBL \u2192<\/span><\/a><\/strong><\/p><h2 id=\"esporte-e-desenvolvimento-comunitrio\" class=\"font-editorial font-bold mb-2 mt-4 [.has-inline-images_&amp;]:clear-end text-base first:mt-0\">Esporte e Desenvolvimento Comunit\u00e1rio<\/h2><p class=\"my-2 [&amp;+p]:mt-4 [&amp;_strong:has(+br)]:inline-block [&amp;_strong:has(+br)]:pb-2\">Patrocinamos competi\u00e7\u00f5es esportivas locais, revelando talentos amadores e promovendo sa\u00fade e integra\u00e7\u00e3o social.<\/p><p class=\"my-2 [&amp;+p]:mt-4 [&amp;_strong:has(+br)]:inline-block [&amp;_strong:has(+br)]:pb-2\"><strong>Principais Patroc\u00ednios:<\/strong><br \/><strong>Copa Offshore Futsal<\/strong>\u00a02012 e 2013 \u2013\u00a0<em>Classifica\u00e7\u00e3o at\u00e9 quartas de final<\/em><br \/><strong>Copa Gospel F7<\/strong>\u00a02013\/2014 \u2013\u00a0<em>Patroc\u00ednio time Sibro<\/em><br \/><strong>Circuito Ostras de Corrida<\/strong>\u00a02014 \u2013\u00a0<em>3\u00ba lugar geral<\/em><\/p><p class=\"my-2 [&amp;+p]:mt-4 [&amp;_strong:has(+br)]:inline-block [&amp;_strong:has(+br)]:pb-2\"><strong>Desempenho Copa Offshore 2013 (Grupo C):<\/strong><br \/>19\/11 \u2013 SOMATICK 4\u00d73 TECHOCEAN<br \/>25\/11 \u2013 SOMATICK 5\u00d71 SHIP&#8217;S CHANDLER<br \/>29\/11 \u2013 SOMATICK 3\u00d70 WEATHERFORD<br \/><em>Oitavas: 3\u00d73 e 2\u00d71 SULZER (shout-out)<\/em><\/p><p class=\"my-2 [&amp;+p]:mt-4 [&amp;_strong:has(+br)]:inline-block [&amp;_strong:has(+br)]:pb-2\"><strong>Interessado em parcerias ou contribui\u00e7\u00f5es?<\/strong><\/p><p><a href=\"https:\/\/www.somatick.com.br\/site\/oportunidades\/\" target=\"_blank\" rel=\"noopener\">recrutamento@somatick.com.br<\/a><\/p><p>\u00a0<\/p><\/address>\t\t\t\t\t\t\t\t<\/div>\n\t\t\t\t<\/div>\n\t\t\t\t\t<\/div>\n\t\t<\/div>\n\t\t\t\t\t<\/div>\n\t\t<\/section>\n\t\t\t\t<\/div>\n\t\t","protected":false},"excerpt":{"rendered":"<p>A\u00e7\u00e3o Social Somatick Treinamentos A Somatick Treinamentos pratica a governan\u00e7a sustent\u00e1vel pelo\u00a0Triple Bottom Line (TBL), equilibrando impactos\u00a0sociais,\u00a0ambientais\u00a0e\u00a0econ\u00f4micos. Contribu\u00edmos ativamente para o desenvolvimento de Maca\u00e9-RJ atrav\u00e9s da gera\u00e7\u00e3o de empregos diretos e indiretos, arrecada\u00e7\u00e3o de tributos e investimentos no com\u00e9rcio local com equipamentos e servi\u00e7os especializados. Capacita\u00e7\u00e3o Profissional Gratuita O\u00a0Programa Somatick Capacita\u00a0ofertou\u00a0duas vagas semanais gratuitas\u00a0em cursos [&hellip;]<\/p>\n","protected":false},"author":1,"featured_media":0,"parent":6165,"menu_order":9,"comment_status":"closed","ping_status":"closed","template":"","meta":{"_joinchat":[],"footnotes":""},"class_list":["post-3980","page","type-page","status-publish","hentry"],"jetpack_shortlink":"https:\/\/wp.me\/Ph7gUA-12c","jetpack-related-posts":[],"jetpack_sharing_enabled":true,"_links":{"self":[{"href":"https:\/\/www.somatick.com.br\/site\/wp-json\/wp\/v2\/pages\/3980","targetHints":{"allow":["GET"]}}],"collection":[{"href":"https:\/\/www.somatick.com.br\/site\/wp-json\/wp\/v2\/pages"}],"about":[{"href":"https:\/\/www.somatick.com.br\/site\/wp-json\/wp\/v2\/types\/page"}],"author":[{"embeddable":true,"href":"https:\/\/www.somatick.com.br\/site\/wp-json\/wp\/v2\/users\/1"}],"replies":[{"embeddable":true,"href":"https:\/\/www.somatick.com.br\/site\/wp-json\/wp\/v2\/comments?post=3980"}],"version-history":[{"count":99,"href":"https:\/\/www.somatick.com.br\/site\/wp-json\/wp\/v2\/pages\/3980\/revisions"}],"predecessor-version":[{"id":13737,"href":"https:\/\/www.somatick.com.br\/site\/wp-json\/wp\/v2\/pages\/3980\/revisions\/13737"}],"up":[{"embeddable":true,"href":"https:\/\/www.somatick.com.br\/site\/wp-json\/wp\/v2\/pages\/6165"}],"wp:attachment":[{"href":"https:\/\/www.somatick.com.br\/site\/wp-json\/wp\/v2\/media?parent=3980"}],"curies":[{"name":"wp","href":"https:\/\/api.w.org\/{rel}","templated":true}]}}